{"id":2094,"date":"2024-10-21T09:02:27","date_gmt":"2024-10-21T09:02:27","guid":{"rendered":"http:\/\/www.yolder.org.tr\/?page_id=2094"},"modified":"2024-10-21T09:03:38","modified_gmt":"2024-10-21T09:03:38","slug":"isyeri-temsilcileri","status":"publish","type":"page","link":"https:\/\/www.yolder.org.tr\/?page_id=2094","title":{"rendered":"\u0130\u015fyeri Temsilcileri"},"content":{"rendered":"<p><strong>YOLDER \u0130\u015fyeri Temsilcileri<\/strong><\/p>\n<p><strong>1. B\u00f6lge M\u00fcd\u00fcrl\u00fc\u011f\u00fc \u0130\u015fyeri Temsilcileri<\/strong><\/p>\n<p><strong>Tevfik Baran \u00d6NDER &#8211; 1\/I Demiryolu Bak\u0131m Servis M\u00fcd\u00fcrl\u00fc\u011f\u00fc &#8211; Haydarpa\u015fa<\/strong><\/p>\n<p><img loading=\"lazy\" decoding=\"async\" class=\"wp-image-3511 alignleft\" src=\"http:\/\/www.yolder.org.tr\/wp-content\/uploads\/2024\/10\/Tevfik-Baran-ONDER-Vesikalik-1-296x300.jpg\" alt=\"\" width=\"157\" height=\"159\" srcset=\"https:\/\/www.yolder.org.tr\/wp-content\/uploads\/2024\/10\/Tevfik-Baran-ONDER-Vesikalik-1-296x300.jpg 296w, https:\/\/www.yolder.org.tr\/wp-content\/uploads\/2024\/10\/Tevfik-Baran-ONDER-Vesikalik-1.jpg 312w\" sizes=\"auto, (max-width: 157px) 100vw, 157px\" \/><\/p>\n<p style=\"text-align: left;\">1987 y\u0131l\u0131nda Ankara&#8217;da do\u011fdu. 2010 y\u0131l\u0131nda Eski\u015fehir Osmangazi \u00dcniversitesi \u0130n\u015faat M\u00fchendisli\u011fi b\u00f6l\u00fcm\u00fcnden mezun oldu. 2 y\u0131l \u00f6zel sekt\u00f6rde \u00e7al\u0131\u015ft\u0131ktan sonra 2012 y\u0131l\u0131nda 5.B\u00f6lge M\u00fcd\u00fcrl\u00fc\u011f\u00fc Yol Servis M\u00fcd\u00fcrl\u00fc\u011f\u00fcnde g\u00f6reve ba\u015flad\u0131. 2014 y\u0131l\u0131nda 1.B\u00f6lge M\u00fcd\u00fcrl\u00fc\u011f\u00fc Yol Servis M\u00fcd\u00fcrl\u00fc\u011f\u00fcne atamas\u0131 yap\u0131ld\u0131. 2017 y\u0131l\u0131nda Anadolu \u00dcniversitesi Adalet MYO B\u00f6l\u00fcm\u00fcnden mezun oldu. 2018 y\u0131l\u0131nda Eski\u015fehir Osmangazi \u00dcniversitesi \u0130n\u015faat M\u00fchendisli\u011fi Geoteknik Bilim Dal\u0131nda Y\u00fcksek Lisans\u0131n\u0131 tamamlad\u0131. 2020 -2022 y\u0131llar\u0131 aras\u0131nda 4.B\u00f6lge M\u00fcd\u00fcrl\u00fc\u011f\u00fc Demiryolu Bak\u0131m Servis M\u00fcd\u00fcrl\u00fc\u011f\u00fcnde g\u00f6rev yapt\u0131. Halen 1.B\u00f6lge M\u00fcd\u00fcrl\u00fc\u011f\u00fc Demiryolu Bak\u0131m Servis M\u00fcd\u00fcrl\u00fc\u011f\u00fcnde g\u00f6revini s\u00fcrd\u00fcr\u00fcyor. Evli ve 1 \u00e7ocuk babas\u0131d\u0131r.<\/p>\n<p><img loading=\"lazy\" decoding=\"async\" class=\" wp-image-3685 alignleft\" src=\"http:\/\/www.yolder.org.tr\/wp-content\/uploads\/2024\/10\/WhatsApp-Image-2024-10-18-at-17.35.12-e1729500954741-209x300.jpeg\" alt=\"\" width=\"157\" height=\"225\" srcset=\"https:\/\/www.yolder.org.tr\/wp-content\/uploads\/2024\/10\/WhatsApp-Image-2024-10-18-at-17.35.12-e1729500954741-209x300.jpeg 209w, https:\/\/www.yolder.org.tr\/wp-content\/uploads\/2024\/10\/WhatsApp-Image-2024-10-18-at-17.35.12-e1729500954741-714x1024.jpeg 714w, https:\/\/www.yolder.org.tr\/wp-content\/uploads\/2024\/10\/WhatsApp-Image-2024-10-18-at-17.35.12-e1729500954741-768x1101.jpeg 768w, https:\/\/www.yolder.org.tr\/wp-content\/uploads\/2024\/10\/WhatsApp-Image-2024-10-18-at-17.35.12-e1729500954741.jpeg 943w\" sizes=\"auto, (max-width: 157px) 100vw, 157px\" \/><strong>Talha Hasan NAY\u0130R &#8211; 12 Demiryolu Bak\u0131m M\u00fcd\u00fcrl\u00fc\u011f\u00fc &#8211; Bilecik<\/strong><\/p>\n<p>09.09.1995 Erzincan\/\u00c7ay\u0131rl\u0131 il\u00e7esinde do\u011fdu. Erzincan Anadolu Teknik Lisesi Rayl\u0131 Sistemler b\u00f6l\u00fcm\u00fc, Yol ve \u0130n\u015faat Teknolojileri alan\u0131ndan 2013 y\u0131l\u0131nda mezun oldu.<\/p>\n<p>2015 Y\u0131l\u0131nda Erzincan \u00dcniversitesi Refahiye MYO Rayl\u0131 Sistemler Yol ve \u0130n\u015faat Teknolojileri b\u00f6l\u00fcm\u00fcnden 2021 y\u0131l\u0131nda Anadolu \u00dcniversitesi A\u00e7\u0131k \u00d6\u011fretim Fak\u00fcltesi Kamu Y\u00f6netimi b\u00f6l\u00fcm\u00fcnden mezun oldu. 2018 Y\u0131l\u0131nda Arifiye 115 YB\u015e\u2019 inde Yol S\u00fcleyman\u2019 \u0131 olarak g\u00f6reve ba\u015flad\u0131. 2022 Y\u0131l\u0131nda g\u00f6revde y\u00fckselme s\u0131nav\u0131 ile Yol Bak\u0131m \u015eefli\u011fi \u00fcnvan\u0131na y\u00fckseldi. Bilecik ili Osmaneli il\u00e7esi Osmaneli 122 YB\u015e\u2019 de Yol Bak\u0131m \u015eefi olarak g\u00f6rev yapmakta Talha Hasan NAY\u0130R evli ve tek \u00e7ocuk babas\u0131d\u0131r.<\/p>\n<p><strong>Erhan Dilek\u00e7i &#8211; 13 Demiryolu Bak\u0131m M\u00fcd\u00fcrl\u00fc\u011f\u00fc &#8211; Haydarpa\u015fa<\/strong><br \/>\n<a class=\"shutterset_\" title=\" \" href=\"http:\/\/www.yolder.org.tr\/wp-content\/gallery\/temsilciler\/Erhan-Dilekci.jpg\" data-src=\"http:\/\/www.yolder.org.tr\/wp-content\/gallery\/temsilciler\/Erhan-Dilekci.jpg\" data-description=\" \" data-title=\"Erhan-Dilekci\" data-thumbnail=\"http:\/\/www.yolder.org.tr\/wp-content\/gallery\/temsilciler\/thumbs\/thumbs_Erhan-Dilekci.jpg\" data-image-id=\"305\" data-ob=\"lightbox[2094]\"><img loading=\"lazy\" decoding=\"async\" class=\"ngg-singlepic ngg-left alignleft\" src=\"http:\/\/www.yolder.org.tr\/wp-content\/gallery\/temsilciler\/thumbs\/thumbs_Erhan-Dilekci.jpg\" alt=\"Erhan-Dilekci\" width=\"123\" height=\"185\"><\/a>1977 y\u0131l\u0131nda \u00c7orum\u2019da do\u011fdu. \u0130lk ve orta \u00f6\u011frenimini \u00c7orum\u2019da tamamlad\u0131. 1995 y\u0131l\u0131nda TCDD Meslek Lisesi Yol B\u00f6l\u00fcm\u00fc\u2019nden mezun oldu. 1996 y\u0131l\u0131nda ba\u015flad\u0131\u011f\u0131 meslek hayat\u0131nda, s\u0131ras\u0131yla Erzincan \u015eube 44 \u015eefli\u011fi, Erzurum \u015eube 45 \u015eefli\u011fi, K\u0131r\u0131kkale \u015eube 22 \u015eefli\u011fi, Haydarpa\u015fa 11 Yol Bak\u0131m Onar\u0131m M\u00fcd\u00fcrl\u00fc\u011f\u00fc, Haydarpa\u015fa 13 Yol Bak\u0131m Onar\u0131m M\u00fcd\u00fcrl\u00fckleri emrinde yol s\u00fcrveyan\u0131 olarak \u00e7al\u0131\u015ft\u0131. Halen Pendik 133 Yol Bak\u0131m onar\u0131m \u015eefli\u011fi\u2019nde yol s\u00fcrveyan\u0131 olarak g\u00f6rev yap\u0131yor. Atat\u00fcrk \u00dcniversitesi Erzurum Meslek Y\u00fcksekokulu \u0130n\u015faat B\u00f6l\u00fcm\u00fc ve Anadolu \u00dcniversitesi A\u00e7\u0131k \u00d6\u011fretim Fak\u00fcltesi Kamu Y\u00f6netimi B\u00f6l\u00fcm\u00fc mezunu. Evli ve bir \u00e7ocuk babas\u0131.<\/p>\n<p><strong>Sava\u015f Co\u015far &#8211; 15 Demiryolu Bak\u0131m M\u00fcd\u00fcrl\u00fc\u011f\u00fc &#8211; Edirne<\/strong><\/p>\n<p>1972 Y\u0131l\u0131nda Uzunk\u00f6pr\u00fc\u2019de do\u011fdu. \u0130lk ve orta \u00f6\u011frenimini Uzunk\u00f6pr\u00fc\u2019de tamamlad\u0131. Uzunk\u00f6pr\u00fc End\u00fcstri Meslek Lisesi Elektrik B\u00f6l\u00fcm\u00fc\u2019nden mezun oldu. Anadolu \u00dcniversitesi \u0130\u015fletme Fak\u00fcltesi\u2019ni bitirdi. S\u0131ras\u0131yla 1999 &#8211; 2005 y\u0131llar\u0131 aras\u0131nda \u00c7erkezk\u00f6y TS\u0130 Merkezi\u2019nde koruma ve g\u00fcvenlik g\u00f6revlisi olarak, 2005 &#8211; 2009 y\u0131llar\u0131 aras\u0131nda Alpullu Depo \u015eefli\u011fi\u2019nde koruma ve g\u00fcvenlik g\u00f6revlisi olarak, 2010 &#8211; 2013 y\u0131l\u0131nda 172. Yol Bak\u0131m Onar\u0131m \u015eefli\u011fi\u2019nde yol s\u00fcrveyan\u0131 olarak g\u00f6rev yapt\u0131. Halen Edirne 173. Yol Bak\u0131m Onar\u0131m \u015eefli\u011fi\u2019nde yol s\u00fcrveyan\u0131 olarak \u00e7al\u0131\u015f\u0131yor. Evli ve iki k\u0131z \u00e7ocuk babas\u0131.<\/p>\n<hr>\n<p><strong>2. B\u00f6lge M\u00fcd\u00fcrl\u00fc\u011f\u00fc \u0130\u015fyeri Temsilcileri<\/strong><\/p>\n<p><strong>Bar\u0131\u015f Tilkio\u011flu &#8211; 21 YBO M\u00fcd\u00fcrl\u00fc\u011f\u00fc &#8211; Ankara<\/strong><\/p>\n<p>1976 y\u0131l\u0131nda Ankara\u2019da do\u011fdu. 1993 y\u0131l\u0131nda Ankara Yap\u0131 Meslek Lisesi\u2019nden mezun oldu.Anadolu \u00dcniversitesi A\u00e7\u0131k \u00d6\u011fretim Fak\u00fcltesi Tarih B\u00f6l\u00fcm\u00fc\u2019nde \u00f6\u011frenim g\u00f6r\u00fcyor. 1999 y\u0131l\u0131nda TCDD \u0130\u015fletmesi Genel M\u00fcd\u00fcrl\u00fc\u011f\u00fc\u2019nde \u00e7al\u0131\u015fmaya ba\u015flad\u0131. Evli.<\/p>\n<hr>\n<p><strong>Erol \u0130lhan &#8211; 22 YBO M\u00fcd\u00fcrl\u00fc\u011f\u00fc &#8211; K\u0131r\u0131kkale<\/strong><\/p>\n<p>1972 y\u0131l\u0131nda K\u0131r\u015fehir\u2019de do\u011fdu. Anadolu \u00dcnivers\u0131tesi A\u00e7\u0131k \u00d6\u011fretim Fak\u00fcltesi \u0130\u015fletme B\u00f6l\u00fcm\u00fc mezunu. 22 Yol Bak\u0131m Onar\u0131m M\u00fcd\u00fcrl\u00fc\u011f\u00fc\u2019nde hat bak\u0131m onar\u0131m memuru olarak \u00e7al\u0131\u015f\u0131yor. Evli, bir k\u0131z, bir erkek \u00e7ocuk babas\u0131.<\/p>\n<hr>\n<p>&nbsp;<\/p>\n<p><strong>Ayhan Karata\u015f &#8211; 23 YBO M\u00fcd\u00fcrl\u00fc\u011f\u00fc &#8211; \u00c7ank\u0131r\u0131<\/strong><\/p>\n<p>1971 y\u0131l\u0131nda \u00c7ank\u0131r\u0131\u2019da do\u011fdu. \u0130lk ve orta \u00f6\u011frenimini \u00c7ank\u0131r\u0131\u2019da tamamlad\u0131. 1989 y\u0131l\u0131nda \u00c7ank\u0131r\u0131 End\u00fcstri Meslek Lisesi Elektrik B\u00f6l\u00fcm\u00fc\u2019nden mezun oldu. 1992 y\u0131l\u0131nda Gazi Osman Pa\u015fa \u00dcniversitesi Tokat Meslek Y\u00fcksek Okulu Elektrik B\u00f6l\u00fcm\u00fc\u2019n\u00fc bitirdi. 2000 y\u0131l\u0131nda \u00c7ank\u0131r\u0131 K\u0131s\u0131m 231. Yol Bak\u0131m Onar\u0131m \u015eefli\u011fi\u2019nde yol bek\u00e7isi olarak g\u00f6reve ba\u015flad\u0131. Ayn\u0131 i\u015fyerinde 2006 y\u0131l\u0131nda yol \u00e7avu\u015fu (hat bak\u0131m onar\u0131m memuru) \u00fcnvan\u0131n\u0131 ald\u0131. Halen ayn\u0131 i\u015fyerinde bu g\u00f6revi s\u00fcrd\u00fcr\u00fcyor. Evli ve \u00fc\u00e7 erkek \u00e7ocuk babas\u0131.<\/p>\n<hr>\n<p>&nbsp;<\/p>\n<p><strong>Tuncay Kiraz &#8211;&nbsp;24 YBO M\u00fcd\u00fcrl\u00fc\u011f\u00fc &#8211; Zonguldak<\/strong><\/p>\n<p>1976 y\u0131l\u0131nda Karab\u00fck\u2019\u00fcn Eskipazar il\u00e7esinde do\u011fdu. \u0130lk , orta ve lise \u00f6\u011frenimini Eskipazar\u2019da tamamlad\u0131. 2007 y\u0131l\u0131nda Anadolu \u00dcniversitesi \u0130ktisat Fak\u00fcltesi Kamu Y\u00f6netimi B\u00f6l\u00fcm\u00fc\u2019n\u00fc, 2012 y\u0131l\u0131nda Burdur Mehmet Akif Ersoy \u00dcniversitesi Burdur Meslek Y\u00fcksekokulu Bilgisayar Programc\u0131l\u0131\u011f\u0131 B\u00f6l\u00fcm\u00fc\u2019n\u00fc bitirdi. Askerlik g\u00f6revini 1996 \u2013 1997 y\u0131llar\u0131 aras\u0131nda Amasya ve \u015e\u0131rnak\u2019ta tamamlad\u0131. Askerlik d\u00f6n\u00fc\u015f\u00fc \u00f6zel sekt\u00f6rde \u00e7e\u015fitli i\u015flerde \u00e7al\u0131\u015ft\u0131ktan sonra 1999 y\u0131l\u0131nda 24 Yol Bak\u0131m Onar\u0131m M\u00fcd\u00fcrl\u00fc\u011f\u00fc\u2019nde ge\u00e7it bek\u00e7isi \u00fcnvan\u0131yla i\u015fe ba\u015flad\u0131. 2005 y\u0131l\u0131nda yol bek\u00e7is, 2007 y\u0131l\u0131nda yol \u00e7avu\u015fu \u00fcnvan\u0131n\u0131 ald\u0131. 24 Yol Bak\u0131m Onar\u0131m \u015eefli\u011fi\u2019nde Hat Bak\u0131m Onar\u0131m Memuru olarak g\u00f6rev yap\u0131yor. Evli.<\/p>\n<hr>\n<p>&nbsp;<\/p>\n<p><strong>Mustafa Asilsoy &#8211; 25 YBO M\u00fcd\u00fcrl\u00fc\u011f\u00fc &#8211; Kayseri<\/strong><\/p>\n<p>1970 y\u0131l\u0131nda do\u011fdu. 1987 y\u0131l\u0131nda TCDD Meslek Lisesi\u2019nden, 1999 y\u0131l\u0131nda Erciyes \u00dcniversitesi Elektrik Elektronik Meslek Y\u00fcksek Okulu\u2019nan mezun oldu. 1987 &#8211; 1999 y\u0131llar\u0131 aras\u0131nda 25 Yol Bak\u0131m Onar\u0131m M\u00fcd\u00fcrl\u00fc\u011f\u00fc, 1999 &#8211; 2006 y\u0131llar\u0131 aras\u0131nda 261 Yol Bak\u0131m Onar\u0131m \u015eefli\u011fi\u2019nde g\u00f6rev yapt\u0131. 2006 y\u0131l\u0131ndan buyana 253 Yol Bak\u0131m Onar\u0131m M\u00fcd\u00fcrl\u00fc\u011f\u00fc\u2019nde g\u00f6rev yap\u0131yor.<\/p>\n<hr>\n<p><strong>Erol Eldem &#8211; 26 YBO M\u00fcd\u00fcrl\u00fc\u011f\u00fc &#8211; Ni\u011fde<\/strong><\/p>\n<p>1960 y\u0131l\u0131nda Ankara &#8211; Elmada\u011f\u2019da do\u011fdu. 1977 y\u0131l\u0131nda Ankara Yap\u0131 Meslek Lisesi Yap\u0131 B\u00f6l\u00fcm\u00fc\u2019nden mezun oldu. 1980-1982 Y\u0131llar aras\u0131nda Askerlik g\u00f6revini yapt\u0131. 1984-1996 y\u0131llar\u0131 aras\u0131nda TCDD Ankara Yol Atelye M\u00fcd\u00fcrl\u00fc\u011f\u00fc\u2019nde in\u015faat teknisyeni olarak g\u00f6rev yapt\u0131. 1996-1997 y\u0131llar\u0131 aras\u0131 Elmada\u011f K\u0131s\u0131m 215 \u015eefli\u011fi\u2019nde yol s\u00fcrveyanl\u0131\u011f\u0131 yapt\u0131. Ayn\u0131 y\u0131l Karadeniz Ere\u011fli K\u0131s\u0131m 244 \u015eefli\u011fi\u2019ne atand\u0131. 2001 y\u0131l\u0131nda Ni\u011fde K\u0131s\u0131m 262 \u015eefli\u011fi\u2019ne nakil oldu. 2005 y\u0131l\u0131nda \u015fube \u015fefli\u011fi kursunu bitirdi. 2005 y\u0131l\u0131nda Ni\u011fde \u00dcniversitesi Meslek Y\u00fcksek Okulu \u0130n\u015faat Teknikerli\u011fi B\u00f6l\u00fcm\u00fc\u2019n\u00fc bitirdi. Halen 262 Yol Bak\u0131m Onar\u0131m \u015eefi olarak Ni\u011fde de g\u00f6revini s\u00fcrd\u00fcr\u00fc\u015for. Evli ve iki k\u0131z, bir erkek \u00e7ocuk babas\u0131d\u0131r.<\/p>\n<hr>\n<p>&nbsp;<\/p>\n<p><strong>Gizem Ok\u015fa\u015f &#8211; 29 YBO M\u00fcd\u00fcrl\u00fc\u011f\u00fc &#8211; Eski\u015fehir<\/strong><\/p>\n<p>1986 y\u0131l\u0131nda Denizli\u2019de do\u011fdu. 2009 y\u0131l\u0131nda Osmangazi \u00dcniversitesi Metalurji ve Malzeme M\u00fchendisli\u011fi B\u00f6lcm\u00fc\u2019nden mezun oldu. Y\u00fcksek lisans e\u011fitimini de 2011 y\u0131l\u0131nda Osmangazi \u00dcniversitesi Metalurji ve Malzeme M\u00fchendisli\u011fi B\u00f6lcm\u00fc\u2019nde tamamlad\u0131. 2013 y\u0131l\u0131nda TCDD Bilecik 12 Yol Bak\u0131m Onar\u0131m M\u00fcd\u00fcrl\u00fc\u011f\u00fc\u2019nde g\u00f6reve ba\u015flad\u0131. 2014 y\u0131l\u0131nda TCDD Eski\u015fehir 29 Yol Bak\u0131m Onar\u0131m M\u00fcd\u00fcrl\u00fc\u011f\u00fc\u2019nde g\u00f6reve ba\u015flad\u0131\u011f\u0131 g\u00f6revini s\u00fcrd\u00fcr\u00fcyor. Evli.<\/p>\n<hr>\n<p><strong>3. B\u00f6lge M\u00fcd\u00fcrl\u00fc\u011f\u00fc \u0130\u015fyeri Temsilcileri<\/strong><\/p>\n<p>&nbsp;<\/p>\n<p><strong>Engin G\u00fcr &#8211;&nbsp;31 YBO M\u00fcd\u00fcrl\u00fc\u011f\u00fc &#8211; \u0130zmir<\/strong><\/p>\n<p>1975 y\u0131l\u0131nda Manisa&#8217;da do\u011fdu. \u0130lk ve orta\u00f6\u011frenimimi Mecidiye kasabas\u0131nda tamamlad\u0131. 1995 y\u0131l\u0131nda Akhisar End\u00fcstri ve Meslek Lisesi Makine B\u00f6l\u00fcm\u00fc&#8217;nden mezun oldu. 1998 y\u0131l\u0131nda TCDD 3. B\u00f6lge M\u00fcd\u00fcrl\u00fc\u011f\u00fc&#8217;nde g\u00fcvenlik g\u00f6revlisi olarak i\u015fe ba\u015flad\u0131. Bu arada Anadolu \u00dcniversitesi A\u00e7\u0131k \u00d6\u011fretim Fak\u00fcltesi&#8217;nin iki y\u0131ll\u0131k Halkla \u0130li\u015fkiler, daha sonra d\u00f6rt y\u0131ll\u0131k \u0130\u015fletme B\u00f6l\u00fcm\u00fc&#8217;n\u00fc bitirdi. 2002 y\u0131l\u0131nda becayi\u015f yaparak Akhisar\u2019da g\u00f6revine devam etti. 2004 y\u0131l\u0131nda yol s\u00fcrveyanl\u0131\u011f\u0131 \u00fcnvan\u0131 ald\u0131. 2006 y\u0131l\u0131nda Manisa 361 YBO \u015eefli\u011fi&#8217;ne nakil oldu. Burada dokuz y\u0131l \u00e7al\u0131\u015ft\u0131ktan sonra 2015 \u015eubat ay\u0131nda 316 YBO \u015eefli\u011fi Torbal\u0131&#8217;ya nakil oldu. Halen burada g\u00f6revine devam ediyor. Evli ve iki k\u0131z \u00e7ocu\u011fu babas\u0131.<\/p>\n<hr>\n<p>&nbsp;<\/p>\n<p><strong>Murat Zengin &#8211;&nbsp;32 YBO M\u00fcd\u00fcrl\u00fc\u011f\u00fc &#8211; Ayd\u0131n<\/strong><\/p>\n<p><a class=\"shutterset_\" title=\" \" href=\"http:\/\/www.yolder.org.tr\/wp-content\/gallery\/temsilciler\/Murat-Zengin.jpg\" data-src=\"http:\/\/www.yolder.org.tr\/wp-content\/gallery\/temsilciler\/Murat-Zengin.jpg\" data-description=\" \" data-title=\"Murat-Zengin\" data-thumbnail=\"http:\/\/www.yolder.org.tr\/wp-content\/gallery\/temsilciler\/thumbs\/thumbs_Murat-Zengin.jpg\" data-image-id=\"314\" data-ob=\"lightbox[2094]\"><img decoding=\"async\" class=\"ngg-singlepic ngg-left alignleft\" src=\"http:\/\/www.yolder.org.tr\/wp-content\/gallery\/temsilciler\/thumbs\/thumbs_Murat-Zengin.jpg\" alt=\"Murat-Zengin\"><\/a>1978 y\u0131l\u0131nda Denizli\u2019de do\u011fdu. \u0130lk ve orta \u00f6\u011frenimini Nazilli\u2019de tamamlad\u0131. 1996 y\u0131l\u0131nda TCDD Meslek Lisesi Yol B\u00f6l\u00fcm\u00fcnden mezun oldu. Anadolu \u00dcniversitesi \u0130ktisat Fak\u00fcltesi, Zonguldak Karaelmas \u00dcniversitesi Meslek Y\u00fcksek Okulu \u0130n\u015faat Teknolojileri, Adnan Menderes \u00dcniversitesi Meslek Y\u00fcksek Okulu T\u0131bbi ve Aromatik Bitkiler B\u00f6l\u00fcm\u00fc\u2019n\u00fc bitirdi. S\u0131ras\u0131yla 323 Yol Bak\u0131m Onar\u0131m \u015eefli\u011fi ve 32 Yol Bak\u0131m Onar\u0131m M\u00fcd\u00fcrl\u00fc\u011f\u00fcnde 13 y\u0131l yol s\u00fcrveyanl\u0131\u011f\u0131 yapt\u0131. 2009-2012 y\u0131llar\u0131 aras\u0131nda Zonguldak 243 Yol Bak\u0131m Onar\u0131m \u015eefi olarak \u00e7al\u0131\u015ft\u0131. 2012-Halen 323 Yol Bak\u0131m Onar\u0131m \u015eefi olarak g\u00f6rev yap\u0131yor. Evli ve iki erkek \u00e7ocuk babas\u0131.<\/p>\n<hr>\n<p>&nbsp;<\/p>\n<p><strong>Tevfik Do\u011fan &#8211;&nbsp;35 YBO M\u00fcd\u00fcrl\u00fc\u011f\u00fc &#8211; U\u015fak<\/strong><\/p>\n<p>1963 y\u0131l\u0131nda U\u015fak\u2019ta do\u011fdu. \u0130lk ve orta \u00f6\u011frenimini U\u015fak\u2019ta tamamlad\u0131. 1980 y\u0131l\u0131nda TCDD Demiryolu Meslek Lisesi Yol B\u00f6l\u00fcm\u00fc\u2019nden dereceyle mezun oldu. 3. B\u00f6lge M\u00fcd\u00fcrl\u00fc\u011f\u00fc U\u015fak \u015eube 35 \u015eefli\u011fi\u2019nde yol s\u00fcrveyan\u0131 olarak g\u00f6reve ba\u015flad\u0131. 1983-1984 y\u0131llar\u0131 aras\u0131nda askerlik g\u00f6revini yapt\u0131ktan sonra tekrar ayn\u0131 i\u015fyerinde g\u00f6rev ald\u0131. 1992 y\u0131l\u0131nda U\u015fak \u015eube 35 \u015eefli\u011fi\u2019ne ba\u011fl\u0131 Banaz K\u0131s\u0131m 354 \u015eefli\u011fi\u2019ne k\u0131s\u0131m \u015fefi olarak atand\u0131. 1994 y\u0131l\u0131nda Anadolu \u00dcniversitesi A\u00e7\u0131k\u00f6\u011fretim Fak\u00fcltesi \u0130\u015fletme B\u00f6l\u00fcm\u00fc\u2019n\u00fc bitirdi. Halen U\u015fak 353 Yol Bak\u0131m Onar\u0131m \u015eefli\u011fi g\u00f6revini s\u00fcrd\u00fcr\u00fcyor. Evli ve iki \u00e7ocuk babas\u0131d\u0131r.<\/p>\n<hr>\n<p>&nbsp;<\/p>\n<p><strong>\u00d6mer Ko\u00e7ak &#8211;&nbsp;36 YBO M\u00fcd\u00fcrl\u00fc\u011f\u00fc &#8211; Bal\u0131kesir<\/strong><\/p>\n<p>1974 y\u0131l\u0131nda Sivas \u2013 Divri\u011fi\u2019de do\u011fdu. \u0130lk ve orta \u00f6\u011frenimini Sivas\u2019ta tamalad\u0131. \u0130zmir Atat\u00fcrk Teknik ve End\u00fcstri Meslek Lisesi\u2019nden mezun oldu. 1998 y\u0131l\u0131nda TCDD\u2019nin a\u00e7t\u0131\u011f\u0131 s\u0131nava kat\u0131ld\u0131, kazand\u0131 ve 1999 y\u0131l\u0131nda Denizli Gar\u0131\u2019nda koruma ve g\u00fcvenlik g\u00f6revlisi olarak g\u00f6reve ba\u015flad\u0131. 2003 y\u0131l\u0131nda \u0130zmir\u2019e nakil geldi. 2011 y\u0131l\u0131nda g\u00f6revde y\u00fckselme s\u0131nav\u0131n\u0131 kazanarak 4. B\u00f6lge 41. Yol Bak\u0131m Onar\u0131m M\u00fcd\u00fcrl\u00fc\u011f\u00fc Samsun\u2019da yol s\u00fcrvceyan\u0131 olarak g\u00f6reve ba\u015flad\u0131. 4. B\u00f6lge genelinde yol bak\u0131m onar\u0131m \u015fefliklerine vekalet etti. 2015 y\u0131l\u0131nda 36 Yol Bak\u0131m Oar\u0131m M\u00fcd\u00fcrl\u00fc\u011f\u00fc\u2019ne ba\u011fl\u0131 365 Yol Bak\u0131m Onar\u0131 \u015eefli\u011fi\u2019ne nakil geldi. Evli ve iki \u00e7ocuk babas\u0131.<\/p>\n<hr>\n<p>&nbsp;<\/p>\n<p><strong>4. B\u00f6lge M\u00fcd\u00fcrl\u00fc\u011f\u00fc \u0130\u015fyeri Temsilcileri<\/strong><\/p>\n<hr>\n<p>&nbsp;<\/p>\n<p><strong>Servet Ak\u0131skal &#8211;&nbsp;41 YBO&nbsp;M\u00fcd\u00fcrl\u00fc\u011f\u00fc &#8211; Samsun<\/strong><\/p>\n<p>1976 y\u0131l\u0131nda Samsun\u2019da do\u011fdu. 2007 y\u0131l\u0131nda 364 Yol Bak\u0131m Onar\u0131m \u015eefli\u011fi emrine yol bek\u00e7isi olarak atand\u0131. 2013 y\u0131l\u0131nda g\u00f6revde y\u00fckselme s\u0131nav\u0131n\u0131 kazanarak 413 Yol Bak\u0131m Onar\u0131m \u015eefli\u011fi emrinde yol s\u00fcrveyan\u0131 olarak g\u00f6reve ba\u015flad\u0131. Halen bu g\u00f6revi s\u00fcrd\u00fcr\u00fcyor.<\/p>\n<hr>\n<p>&nbsp;<\/p>\n<p><strong>Murat Ayd\u0131n &#8211;&nbsp;42 YBO&nbsp;M\u00fcd\u00fcrl\u00fc\u011f\u00fc &#8211; Sivas<\/strong><\/p>\n<p>1972 y\u0131l\u0131nda Sivas &#8211; Zara\u2019da do\u011fdu. 1999 y\u0131l\u0131nda koruma g\u00fcvenlik personeli olarak 4. B\u00f6lge M\u00fcd\u00fcrl\u00fc\u011f\u00fc\u2019nde g\u00f6reve ba\u015flad\u0131. 2009 y\u0131l\u0131nda a\u00e7\u0131lan g\u00f6revde y\u00fckselme ve unvan de\u011fi\u015fikli\u011fi s\u0131nav\u0131na kat\u0131ld\u0131. 2010 y\u0131l\u0131nda 46 Yol Bak\u0131m Onar\u0131m M\u00fcd\u00fcrl\u00fc\u011f\u00fc\u2019ne yol s\u00fcrveyan\u0131 olarak atand\u0131. 2011 y\u0131l\u0131nda 42 Yol Bak\u0131m Onar\u0131m M\u00fcd\u00fcrl\u00fc\u011f\u00fc\u2019ne nakil oldu. Halen 42 Yol Bak\u0131m Onar\u0131m M\u00fcd\u00fcrl\u00fc\u011f\u00fc\u2019nde yol s\u00fcrveyan\u0131 olarak g\u00f6rev yap\u0131yor.<\/p>\n<hr>\n<p>&nbsp;<\/p>\n<p><strong>H.Esat \u015eahin &#8211;&nbsp;43 YBO M\u00fcd\u00fcrl\u00fc\u011f\u00fc &#8211; Divri\u011fi<\/strong><\/p>\n<p><a class=\"shutterset_\" title=\" \" href=\"http:\/\/www.yolder.org.tr\/wp-content\/gallery\/temsilciler\/H.Esat-Sahin.jpg\" data-src=\"http:\/\/www.yolder.org.tr\/wp-content\/gallery\/temsilciler\/H.Esat-Sahin.jpg\" data-description=\" \" data-title=\"H.Esat-Sahin\" data-thumbnail=\"http:\/\/www.yolder.org.tr\/wp-content\/gallery\/temsilciler\/thumbs\/thumbs_H.Esat-Sahin.jpg\" data-image-id=\"307\" data-ob=\"lightbox[2094]\"><img decoding=\"async\" class=\"ngg-singlepic ngg-left alignleft\" src=\"http:\/\/www.yolder.org.tr\/wp-content\/gallery\/temsilciler\/thumbs\/thumbs_H.Esat-Sahin.jpg\" alt=\"H.Esat-Sahin\"><\/a>1990 y\u0131l\u0131nda Erzincan\u2019da do\u011fdu. \u0130lk ve orta \u00f6\u011frenimini Erzincan\u2019da tamamlad\u0131. 2008 y\u0131l\u0131nda Erzincan End\u00fcstri Meslek Lisesi Rayl\u0131 Sistemler Yol B\u00f6l\u00fcm\u00fc\u2019nden mezun oldu. 2009 y\u0131l\u0131nda 551 YBO \u015eefli\u011fi\u2019nde yol kontrol memuru olarak TCDD\u2019de \u00e7al\u0131\u015fmaya ba\u015flad\u0131. A\u011fustos 2010 &#8211; Ocak 2015 tarihleri aras\u0131nda Erzurum 45 Yol Bak\u0131m Onar\u0131m M\u00fcd\u00fcrl\u00fc\u011f\u00fc\u2019nde g\u00f6rev yapt\u0131. Bu g\u00f6revi y\u00fcr\u00fct\u00fcrken 2014 y\u0131l\u0131nda a\u00e7\u0131lan g\u00f6revde y\u00fckselme s\u0131nav\u0131n\u0131 kazanarak 2015 y\u0131l\u0131nda Erzincan 44 YBO M\u00fcd\u00fcrl\u00fc\u011f\u00fc\u2019ne yol s\u00fcrveyan\u0131 olarak atand\u0131. Halen bu g\u00f6revi s\u00fcrd\u00fcr\u00fcyor. Evli.<\/p>\n<hr>\n<p>&nbsp;<\/p>\n<p><strong>Osman Murat &#8211; 44 YBO M\u00fcd\u00fcrl\u00fc\u011f\u00fc &#8211; Erzincan<\/strong><\/p>\n<p>1974 y\u0131l\u0131nda Malatya\u2019da do\u011fdu. 1995 y\u0131l\u0131nda TCDD Meslek Lisesi Yol B\u00f6l\u00fcm\u00fc\u2019nden mezun oldu. Malatya 5. B\u00f6lge M\u00fcd\u00fcrl\u00fc\u011f\u00fc \u015eube 53 \u015eefli\u011fi, 532 K\u0131s\u0131m \u015eefli\u011fi\u2019nde yol s\u00fcrveyanl\u0131\u011f\u0131 yapt\u0131. 2006-2007 y\u0131llar\u0131 aras\u0131nda askerlik g\u00f6revini yerine getirdikten sonra 2009 y\u0131l\u0131nda g\u00f6revde y\u00fckselme s\u0131nav\u0131 sonras\u0131nda Erzincan 441 Yol Bak\u0131m Onar\u0131m \u015eefli\u011fi\u2019ne atand\u0131. 2010 y\u0131l\u0131ndan buyana bu g\u00f6revi s\u00fcrd\u00fcr\u00fcyor. Evli ve iki \u00e7ocuk babas\u0131.<\/p>\n<hr>\n<p>&nbsp;<\/p>\n<p><strong>Mehmet Durmaz &#8211;&nbsp;46 YBO&nbsp;M\u00fcd\u00fcrl\u00fc\u011f\u00fc &#8211; Kayseri<\/strong><\/p>\n<p>1976 y\u0131l\u0131nda Sivas\u2019ta do\u011fdu. \u0130lk ve orta \u00f6\u011frenimini Sivas\u2019ta tamamlad\u0131. 1993 y\u0131l\u0131nda Sivas Atat\u00fcrk Teknik Lise ve End\u00fcstri Meslek Lisesi\u2019nden mezun oldu. 14 y\u0131l mermer ustal\u0131\u011f\u0131 yapt\u0131ktan sonra 2007 y\u0131l\u0131nda Bing\u00f6l\u2019\u00fcn Gen\u00e7 il\u00e7esinin Suveren \u0130stasyonu\u2019nda yol ve ge\u00e7it kontrol memuru olarak g\u00f6reve ba\u015flad\u0131. Suveren, Sar\u0131kam\u0131\u015f ve Kars\u2019ta 2012 y\u0131l\u0131na kadar bu g\u00f6reve devam ettikten sonra 2012 y\u0131l\u0131nda g\u00f6revde y\u00fckselme s\u0131nav\u0131na kat\u0131larak Bostankaya 464 K\u0131s\u0131m \u015eefli\u011fi\u2019ne yol s\u00fcrveyan\u0131 olarak atand\u0131. 2015 y\u0131l\u0131nda Anadolu \u00dcniversitesi Kamu Y\u00f6netimi B\u00f6l\u00fcm\u00fc\u2019n\u00fc bitirdi. Halen Bostankaya 464 K\u0131s\u0131m \u015eefli\u011fi\u2019ne yol s\u00fcrveyan\u0131 olarak g\u00f6rev yap\u0131yor. Evli ve \u00fc\u00e7 \u00e7ocuk babas\u0131.<\/p>\n<hr>\n<p>&nbsp;<\/p>\n<p><strong>5. B\u00f6lge M\u00fcd\u00fcrl\u00fc\u011f\u00fc \u0130\u015fyeri Temsilcileri<\/strong><\/p>\n<hr>\n<p>&nbsp;<\/p>\n<p><strong>Abdullah Yavuz &#8211;&nbsp;51 YBO M\u00fcd\u00fcrl\u00fc\u011f\u00fc &#8211; Diyarbak\u0131r<\/strong><\/p>\n<p>1978 y\u0131l\u0131nda Diyarbak\u0131r\u2019da do\u011fdu. \u0130lk, orta ve lise \u00f6\u011frenimini Diyarbak\u0131r\u2019da tamamlad\u0131. 1999 y\u0131l\u0131nda oldu 5. B\u00f6lge \u0130nsan Kaynaklar\u0131 M\u00fcd\u00fcrl\u00fc\u011f\u00fc emrinde B\u00fcro memuru olarak te\u015fekk\u00fcl\u00fcm\u00fcz ailesine dahil oldu. 2004 y\u0131l\u0131nda Anadolu \u00dcniversitesi A\u00e7\u0131k\u00f6\u011fretim Fak\u00fcltesi Kamu Y\u00f6netimi B\u00f6l\u00fcm\u00fc&#8217;nden mezun oldu. Ayn\u0131 Y\u0131l Diyarbak\u0131r 51 Yol Bak\u0131m Onar\u0131m M\u00fcd\u00fcrl\u00fc\u011f\u00fc emrinde b\u00fcro memuru olarak g\u00f6reve ba\u015flad\u0131. 2007 y\u0131l\u0131nda yap\u0131lan g\u00f6revde y\u00fckselme s\u0131nav\u0131n\u0131 kazanarak b\u00fcro \u015fefi oldu. Halen 51 Yol Bak\u0131m Onar\u0131m M\u00fcd\u00fcrl\u00fc\u011f\u00fcnde b\u00fcro \u015fefi olarak g\u00f6rev yap\u0131yor. Evli ve iki \u00e7ocuk babas\u0131.<\/p>\n<hr>\n<p>&nbsp;<\/p>\n<p><strong>Mustafa Civan &#8211; 52 YBO M\u00fcd\u00fcrl\u00fc\u011f\u00fc &#8211; Malatya<\/strong><\/p>\n<p>1975 y\u0131l\u0131nda Malatya\u2019da do\u011fdu. \u0130n\u00f6n\u00fc \u00dcniversitesi Malatya Meslek Y\u00fcksek Okulu Elektronik Haberle\u015fme B\u00f6l\u00fcm\u00fc\u2019n\u00fc, ard\u0131ndan A\u00e7\u0131k \u00d6\u011fretim Fak\u00fcltesi \u0130\u015fletme Fak\u00fcltesi\u2019ni bitirdi. 14 Mart 2001 tarihinde TCDD 5. B\u00f6lge Batman\u2019da koruma ve g\u00fcvenlik memuru olarak g\u00f6reve ba\u015flad\u0131. 2004 y\u0131l\u0131nda Malatya\u2019ya tayin oldu. 2014 y\u0131l\u0131nda g\u00f6revde y\u00fckselme s\u0131nav\u0131nda ba\u015far\u0131l\u0131 olarak Yol S\u00fcrveyan\u0131 olarak g\u00f6reve ba\u015flad\u0131. 2011 y\u0131l\u0131ndan bu yana 523 Yol Bak\u0131m Onar\u0131m M\u00fcd\u00fcrl\u00fc\u011f\u00fc\u2019nde g\u00f6rev yap\u0131yor. Evli ve iki \u00e7ocuk babas\u0131.<\/p>\n<hr>\n<p>&nbsp;<\/p>\n<p><strong>Murat G\u00fcre\u015f &#8211;&nbsp;53 YBO M\u00fcd\u00fcrl\u00fc\u011f\u00fc &#8211; Malatya<\/strong><\/p>\n<p>1976 Y\u0131l\u0131nda Elaz\u0131\u011f &#8211; Maden\u2019de do\u011fdu. TCDD\u2019ye 1999 y\u0131l\u0131nda Haydarpa\u015fa\u2019da g\u00fcvenlik g\u00f6revlisi olarak girdi. 2005 y\u0131l\u0131nda Malatya\u2019ya nakil oldu. 2010 y\u0131l\u0131nda 53 Yol Bak\u0131m Onar\u0131m M\u00fcd\u00fcrl\u00fc\u011f\u00fc\u2019ne yol s\u00fcrveyan\u0131 olarak atand\u0131. Halen bu g\u00f6revi s\u00fcrd\u00fcr\u00fcyor. Evli ve iki k\u0131z, bir erkek \u00e7ocuk babas\u0131.<\/p>\n<hr>\n<p>&nbsp;<\/p>\n<p>&nbsp;<\/p>\n<p><strong>Atilla K\u00f6se &#8211;&nbsp;54 YBO M\u00fcd\u00fcrl\u00fc\u011f\u00fc &#8211; Elaz\u0131\u011f<\/strong><\/p>\n<p><a class=\"shutterset_\" title=\" \" href=\"http:\/\/www.yolder.org.tr\/wp-content\/gallery\/temsilciler\/Atilla-Kose.jpg\" data-src=\"http:\/\/www.yolder.org.tr\/wp-content\/gallery\/temsilciler\/Atilla-Kose.jpg\" data-description=\" \" data-title=\"Atilla-Kose\" data-thumbnail=\"http:\/\/www.yolder.org.tr\/wp-content\/gallery\/temsilciler\/thumbs\/thumbs_Atilla-Kose.jpg\" data-image-id=\"301\" data-ob=\"lightbox[2094]\"><img decoding=\"async\" class=\"ngg-singlepic ngg-left alignleft\" src=\"http:\/\/www.yolder.org.tr\/wp-content\/gallery\/temsilciler\/thumbs\/thumbs_Atilla-Kose.jpg\" alt=\"Atilla-Kose\"><\/a>1969 y\u0131l\u0131nda Elaz\u0131\u011f\u2019 da do\u011fdu. \u0130lk ve orta \u00f6\u011frenimini Elaz\u0131\u011f\u2019da tamamlad\u0131. Elaz\u0131\u011f Atat\u00fcrk Lisesi\u2019nden mezun oldu. Anadolu \u00dcniversitesi B\u00fcro Y\u00f6netimi B\u00f6l\u00fcm\u00fc\u2019n\u00fc bitirdi. 1996 y\u0131l\u0131nda TCDD K\u0131s\u0131m 542 \u015eefli\u011fi\u2019nde yol bek\u00e7isi olarak g\u00f6reve ba\u015flad\u0131. 2006 y\u0131l\u0131nda ayn\u0131 k\u0131s\u0131mda hat bak\u0131m onar\u0131m memuru olarak g\u00f6rev ald\u0131. Halen bu g\u00f6revi s\u00fcrd\u00fcr\u00fcyor. Evli ve bir erkek, bir k\u0131z \u00e7ocuk babas\u0131.<\/p>\n<hr>\n<p>&nbsp;<\/p>\n<p><strong>Vahdettin Ommu\u015f &#8211;&nbsp;55 YBO M\u00fcd\u00fcrl\u00fc\u011f\u00fc &#8211; Mu\u015f<\/strong><\/p>\n<p>1957 y\u0131l\u0131nda Mu\u015f\u2019ta do\u011fdu. \u0130lk ve orta \u00f6\u011frenimini Mu\u015f\u2019ta tamamlad\u0131. 1983 y\u0131l\u0131nda Bing\u00f6l Gen\u00e7 Turna \u0130stasyonu\u2019nda yol ve ge\u00e7it kontrol memuru olarak \u00e7al\u0131\u015fmaya ba\u015flad\u0131. 1990 y\u0131l\u0131nda Mu\u015f Merkez 554 Yol Bak\u0131m Onar\u0131m \u015eefli\u011fi\u2019nde yol ve ge\u00e7it kontr\u0131ol memuru olarak \u00e7al\u0131\u015ft\u0131. 1995 y\u0131l\u0131nda ba\u015flayarak 554 Yol Bak\u0131m Onar\u0131m \u015eefli\u011fi\u2019nde yol bak\u0131m onar\u0131m memuru olarak g\u00f6rev yap\u0131yor. Evli ve be\u015f \u00e7ocuk babas\u0131.<\/p>\n<hr>\n<p>&nbsp;<\/p>\n<p>&nbsp;<\/p>\n<p><strong>Mehmet Yurt &#8211;&nbsp;56 YBO M\u00fcd\u00fcrl\u00fc\u011f\u00fc &#8211; Van<\/strong><\/p>\n<p><a class=\"shutterset_\" title=\" \" href=\"http:\/\/www.yolder.org.tr\/wp-content\/gallery\/temsilciler\/Mehmet-Yurt.jpg\" data-src=\"http:\/\/www.yolder.org.tr\/wp-content\/gallery\/temsilciler\/Mehmet-Yurt.jpg\" data-description=\" \" data-title=\"Mehmet-Yurt\" data-thumbnail=\"http:\/\/www.yolder.org.tr\/wp-content\/gallery\/temsilciler\/thumbs\/thumbs_Mehmet-Yurt.jpg\" data-image-id=\"313\" data-ob=\"lightbox[2094]\"><img decoding=\"async\" class=\"ngg-singlepic ngg-left alignleft\" src=\"http:\/\/www.yolder.org.tr\/wp-content\/gallery\/temsilciler\/thumbs\/thumbs_Mehmet-Yurt.jpg\" alt=\"Mehmet-Yurt\"><\/a>1971 y\u0131l\u0131nda Elaz\u0131\u011f\u2019da do\u011fdu. \u0130lk, orta ve lise \u00f6\u011frenimini Elaz\u0131\u011f\u2019da tamamlad\u0131. 1996 y\u0131l\u0131nda TCDD Yol S\u00fcrveyan\u0131 olarak Van\u2019da g\u00f6reve ba\u015flad\u0131. Van Y\u00fcz\u00fcnc\u00fc Y\u0131l \u00dcniversitesi Erci\u015f Meslek Y\u00fcksekokulu \u0130n\u015faat B\u00f6l\u00fcm\u00fc\u2019n\u00fc 2004 y\u0131l\u0131nda bitirdi. Halen Anadolu \u00dcniversitesi \u0130\u015fletme Fak\u00fcltesi son s\u0131n\u0131f\u0131nda \u00f6\u011frenim g\u00f6r\u00fcyor. S\u0131ras\u0131yla Van \u015eube 56 \u015eefli\u011fi ve 1999 y\u0131l\u0131nda Van \u00d6zalp\u2019a yol s\u00fcrveyan\u0131 olarak atand\u0131. 2004 y\u0131l\u0131nda tekrar Van \u015eube 56 \u015eefli\u011fi\u2019nde yol s\u00fcrveyan\u0131 olarak g\u00f6reve ba\u015flad\u0131. 2005 y\u0131l\u0131nda tekrar Van \u00d6zalp 562 K\u0131s\u0131m \u015eefi olarak \u00d6zalp\u2019e atand\u0131. Halen \u00d6zalp\u2019te Yol Bak\u0131m Onar\u0131m \u015eefi olarak g\u00f6rev yap\u0131yor. Evli ve \u00fc\u00e7 erkek \u00e7ocuk babas\u0131.<\/p>\n<hr>\n<p>&nbsp;<\/p>\n<p>Erdo\u011fan Y\u0131lmaz<br \/>\n5.B\u00f6lge Mekanik Atelye M\u00fcd. &#8211; Malatya<\/p>\n<hr>\n<p>&nbsp;<\/p>\n<p><strong>6. B\u00f6lge M\u00fcd\u00fcrl\u00fc\u011f\u00fc \u0130\u015fyeri Temsilcileri<\/strong><\/p>\n<hr>\n<p>&nbsp;<\/p>\n<p><strong>G\u00f6khan Zahtero\u011fullar\u0131 &#8211;&nbsp;62 YBO M\u00fcd\u00fcrl\u00fc\u011f\u00fc &#8211; Adana<\/strong><\/p>\n<p>1984 y\u0131l\u0131nda Gaziantep\u2019te do\u011fdu. \u0130lk, orta ve lise \u00f6\u011frenimini Bursa\u2019 da tamamlad\u0131. 2005 y\u0131l\u0131nda Eski\u015fehir Anadolu \u00dcniversitesi Rayl\u0131 Sistemler Teknolojisi Makine B\u00f6l\u00fcm\u00fc\u2019nden mezun oldu. Daha sonra Anadolu \u00dcniversitesi \u0130ktisat Fak\u00fcltesi Kamu Y\u00f6netimi B\u00f6l\u00fcm\u00fc\u2019n\u00fc bitirdi. 2010 y\u0131l\u0131nda TCDD\u2019de yol bek\u00e7isi unvan\u0131yla g\u00f6rev ba\u015flad\u0131. 633 YBO \u015eefli\u011fi Yenice\u2019de bu g\u00f6revi \u00fc\u00e7 y\u0131l s\u00fcrd\u00fcrd\u00fckten sonra 2013 A\u011fustos tarihinde 623 YBO \u015eefli\u011fi Konya\/Ere\u011fli\u2019ye yol s\u00fcrveyan\u0131 olarak atand\u0131. Halen bu g\u00f6revi s\u00fcrd\u00fcr\u00fcyor. Evli ve iki \u00e7ocuk babas\u0131.<\/p>\n<hr>\n<p>&nbsp;<\/p>\n<p><strong>Yakup \u00d6zkan &#8211; 63 YBO M\u00fcd\u00fcrl\u00fc\u011f\u00fc &#8211; Adana<\/strong><\/p>\n<p><a class=\"shutterset_\" title=\" \" href=\"http:\/\/www.yolder.org.tr\/wp-content\/gallery\/temsilciler\/Yakup-Ozkan.jpg\" data-src=\"http:\/\/www.yolder.org.tr\/wp-content\/gallery\/temsilciler\/Yakup-Ozkan.jpg\" data-description=\" \" data-title=\"Yakup-Ozkan\" data-thumbnail=\"http:\/\/www.yolder.org.tr\/wp-content\/gallery\/temsilciler\/thumbs\/thumbs_Yakup-Ozkan.jpg\" data-image-id=\"317\" data-ob=\"lightbox[2094]\"><img decoding=\"async\" class=\"ngg-singlepic ngg-left alignleft\" src=\"http:\/\/www.yolder.org.tr\/wp-content\/gallery\/temsilciler\/thumbs\/thumbs_Yakup-Ozkan.jpg\" alt=\"Yakup-Ozkan\"><\/a>1975 y\u0131l\u0131nda Adana\u2019 n\u0131n Kozan il\u00e7esinin Boztahta k\u00f6y\u00fcnde do\u011fdu. S\u0131ras\u0131yla Cengiz Topel \u0130lkokulu, T\u00f6bank Ortaokulu ve \u00c7obano\u011flu Ticaret Lisesi\u2019ni (1992) bitirdi. 1998 y\u0131l\u0131nda TCDD\u2019nin g\u00fcvenlik g\u00f6revlisi s\u0131nav\u0131na kat\u0131ld\u0131. 1999 y\u0131l\u0131nda Yol Bek\u00e7isi olarak Tarsus\u2019a atamas\u0131 yap\u0131ld\u0131. Bu g\u00f6revi 2006 y\u0131l\u0131na kadar s\u00fcrd\u00fcrd\u00fc. 2006 y\u0131l\u0131 Haziran ay\u0131nda Adana 634 Yol Bak\u0131m Onar\u0131m \u015eefli\u011fi\u2019nde eski ad\u0131yla yol \u00e7avu\u015fu unvan\u0131n\u0131 ald\u0131. 2012 y\u0131l\u0131nda \u00c7ukurova \u00dcniversitesi Ceyhan Meslek Y\u00fcksekokulu Tar\u0131m Makineleri B\u00f6l\u00fcm\u00fc\u2019n\u00fc bitirdi. Halen hat bak\u0131m onar\u0131m memuru olarak \u00e7al\u0131\u015f\u0131yor. Evli, iki k\u0131z ve iki erkek \u00e7ocuk babas\u0131.<\/p>\n<hr>\n<p>&nbsp;<\/p>\n<p><strong>H\u00fcseyin Eren Beni &#8211;&nbsp;64 YBO M\u00fcd\u00fcrl\u00fc\u011f\u00fc &#8211; \u0130skenderun<\/strong><\/p>\n<p>1988 y\u0131l\u0131nda Bursa\u2019da do\u011fdu. \u0130lkokulu Bursa\u2019d, orta okulu Bilecik\u2019te tamamlad\u0131. 2006 y\u0131l\u0131nda Bilecik Refik Arslan \u00d6zt\u00fcrk Fen Lisesi\u2019nden mezun oldu. 2010 y\u0131l\u0131nda Dumlup\u0131nar \u00dcniversitesi Makine M\u00fchendisli\u011fi\u2019ni bitirdi. Askerlik hizmetini tamamlad\u0131ktan sonra INVENT TR firmas\u0131nda be\u015f ay kontrol m\u00fchendisi olarak g\u00f6rev yapt\u0131. Daha sonra 2013 y\u0131l\u0131nda Almanya\u2019da Almanca dil e\u011fitimi g\u00f6rd\u00fc. Almanca B2 sertifikas\u0131n\u0131 alarak T\u00fcrkiye\u2019ye d\u00f6nd\u00fc. KPSS genel atamas\u0131yla 2014 Temmuz ay\u0131nda 64 Yol Bak\u0131m Onar\u0131m M\u00fcd\u00fcrl\u00fc\u011f\u00fc\u2019ne makine m\u00fchendisi olarak atand\u0131. Halen bu g\u00f6revi s\u00fcrd\u00fcr\u00fcyor. Bekar.<\/p>\n<hr>\n<p>&nbsp;<\/p>\n<p><strong>Y\u0131lmaz Bal\u0131kesir &#8211; 65 YBO M\u00fcd\u00fcrl\u00fc\u011f\u00fc &#8211; Gaziantep<\/strong><\/p>\n<p>1977 y\u0131l\u0131nda Hakkari\u2019de do\u011fdu. 1996 y\u0131l\u0131nda End\u00fcstri Meslek Lisesi Yap\u0131 B\u00f6l\u00fcm\u00fc\u2019nden mezun oldu. Anadolu \u00dcniversitesi Adalet B\u00f6l\u00fcm\u00fc\u2019n\u00fc bitirdi. TCDD\u2019de 2009 y\u0131l\u0131nda KPSS ile yol kontrol mamuru olarak \u00e7al\u0131\u015fmaya ba\u015flad\u0131,. 2009 \u2013 2013 y\u0131llar\u0131 aras\u0131 Gen\u00e7 K\u0131s\u0131m 552 \u015eefli\u011fi\u2019nde yol kontrol memurlu\u011fu yapt\u0131. 2013 y\u0131l\u0131nda a\u00e7\u0131lan g\u00f6revde y\u00fckselme s\u0131nav\u0131 ile Nizip K\u0131s\u0131m 653 \u015eefli\u011fi\u2019ne yol s\u00fcrveyan\u0131 olarak atand\u0131. Halen bu g\u00f6revi s\u00fcrd\u00fcr\u00fcyor. Evli ve bir k\u0131z \u00e7ocuk babas\u0131.<\/p>\n<hr>\n<p>&nbsp;<\/p>\n<p><strong>Samir G\u00f6z &#8211; 66 YBO M\u00fcd\u00fcrl\u00fc\u011f\u00fc &#8211; \u015eanl\u0131urfa<\/strong><\/p>\n<p>1986 y\u0131l\u0131nda do\u011fdu. ilk\u00f6\u011fretim ve lise e\u011fitimini Midyat ta tamamlad\u0131. 11 Mart 2009 da yol bek\u00e7isi olarak TCDD b\u00fcnyesine kat\u0131ld\u0131. 2014 y\u0131l\u0131nda Mardin Artuklu \u00dcniversitesi \u0130n\u015faat Teknilerli\u011fi B\u00f6l\u00fcm\u00fc\u2019nden mezun oldu. 2015 y\u0131l\u0131nda g\u00f6revde y\u00fckselme s\u0131nav\u0131 sonucunda yol s\u00fcrveyan\u0131 olarak Ak\u00e7akale 662 Yol Bak\u0131m Onar\u0131m \u015eefli\u011fi\u2019nde g\u00f6rev ald\u0131. Halen bu g\u00f6revini s\u00fcrd\u00fcr\u00fcyor. Evli bir erkek \u00e7ocuk babas\u0131.<\/p>\n<hr>\n<p>&nbsp;<\/p>\n<p><strong>7. B\u00f6lge M\u00fcd\u00fcrl\u00fc\u011f\u00fc \u0130\u015fyeri Temsilcileri<\/strong><\/p>\n<p><strong>Adem Alkan &#8211;&nbsp;71 YBO M\u00fcd\u00fcrl\u00fc\u011f\u00fc &#8211; K\u00fctahya<\/strong><\/p>\n<p>1973 y\u0131l\u0131nda Manisa Selendi Omurlar K\u00f6y\u00fc\u2019nde d\u00fcnyaya geldi. \u0130lk ve orta \u00f6\u011frenimini Selendi\u2019de tamamlad\u0131. 1999\u2019da TCDD \u0130zmir 313 YBO \u015eefli\u011fi\u2019nde yol ve ge\u00e7it kontrol memuru olarak g\u00f6reve ba\u015flad\u0131. 2001 y\u0131l\u0131nda Manisa 312 YBO \u015eefli\u011fi\u2019ne tayin oldu. 2004 y\u0131l\u0131nda ayn\u0131 i\u015fyerinde hat bak\u0131m onar\u0131m memuru olarak atand\u0131. 2009 y\u0131l\u0131nda Meslek Lisesi\u2019nden mezun olarak Celal Bayar \u00dcniversitesi Turgutlu Meslek Y\u00fcksekokulu Makine B\u00f6l\u00fcm\u00fc\u2019n\u00fc kazand\u0131 ve 2012\u2019de mezun oldu. 2013 y\u0131l\u0131nda g\u00f6revde y\u00fckselme s\u0131nav\u0131n\u0131 kazanarak K\u00fctahya 714 YBO \u015eefli\u011fi\u2019ne yol s\u00fcrveyan\u0131 olarak atand\u0131. Halen ayn\u0131 g\u00f6revi s\u00fcrd\u00fcr\u00fcyor Evli ve bir k\u0131z, bir erkek \u00e7ocuk babas\u0131.<\/p>\n<hr>\n<p>&nbsp;<\/p>\n<p><strong>Ersin \u00d6zdemir &#8211;&nbsp;72 YBO M\u00fcd\u00fcrl\u00fc\u011f\u00fc &#8211; Afyonkarahisar<\/strong><\/p>\n<p>1973 y\u0131l\u0131nda Bart\u0131n &#8211; Ulus\u2019ta do\u011fdu. \u0130lk ve orta\u00f6\u011frenimini Bart\u0131n\u2019da tamamlad\u0131. Anadolu \u00dcniversitesi \u0130ktisat Fak\u00fcltesi\u2019nden mezun oldu. TCDD\u2019de \u00e7al\u0131\u015fmaya 1999 y\u0131l\u0131nda K\u00fctahya\u2019da ge\u00e7it bekcisi olarak ba\u015flad\u0131. 2005 y\u0131l\u0131nda Afyonkarahisar\u2019da 72 Yol Bak\u0131m Ve Onar\u0131m M\u00fcd\u00fcrl\u00fc\u011f\u00fc\u2019ne yol \u00e7avu\u015fu olarak atand\u0131. Halen bu g\u00f6rev s\u00fcrd\u00fcr\u00fcyor. Evli, iki k\u0131z ve bir erkek \u00e7ocuk babas\u0131.<\/p>\n<p>&nbsp;<\/p>\n<hr>\n<p>&nbsp;<\/p>\n<p><strong>Nebi \u00c7oban &#8211;&nbsp;73 YBO M\u00fcd\u00fcrl\u00fc\u011f\u00fc &#8211; Konya<\/strong><\/p>\n<p>1980 y\u0131l\u0131nda Konya\u2019n\u0131n Karap\u0131nar il\u00e7esinde do\u011fdu. \u0130lk ve orta\u00f6\u011frenimini Karap\u0131nar\u2019da tamamlad\u0131.1998 y\u0131l\u0131nda Eski\u015fehir TCDD Meslek Lisesi Yol B\u00f6l\u00fcm\u00fc\u2019nden mezun oldu. 2005 y\u0131l\u0131nda Eski\u015fehir Anadolu \u00dcniversitesi \u0130\u015fletme Fak\u00fcltesi\u2019ni bitirdi. 1999 y\u0131l\u0131nda \u0130skenderun \u015eube 64 \u015eefli\u011fi\u2019nde yol s\u00fcrveyan\u0131 olarak g\u00f6reve ba\u015flad\u0131. 1999 &#8211; 2004 y\u0131llar\u0131 aras\u0131nda 6. B\u00f6lge M\u00fcd\u00fcrl\u00fc\u011f\u00fc b\u00f6lgesinde yap\u0131lan yol yenileme ve yol tamirat\u0131 \u00e7al\u0131\u015fmalar\u0131nda yol s\u00fcrveyan\u0131 olarak \u00e7al\u0131\u015ft\u0131. 2004 &#8211; 2008 y\u0131llar\u0131 aras\u0131nda Fevzipa\u015fa K\u0131s\u0131m 643 \u015eefli\u011fi g\u00f6revini vekaleten y\u00fcr\u00fctt\u00fc. A\u00e7\u0131lan g\u00f6revde y\u00fckselme s\u0131nav\u0131n\u0131 kazanarak 2008 y\u0131l\u0131nda k\u0131s\u0131m \u015fefi unvan\u0131n\u0131 ald\u0131 ve Ilg\u0131n K\u0131s\u0131m 733 \u015eefli\u011fi\u2019ne nakil geldi. Halen Ilg\u0131n 733 Yol Bak\u0131m Onar\u0131m \u015eefli\u011fi\u2019nde yol bak\u0131m onar\u0131m \u015fefi olarak g\u00f6rev yap\u0131yor. Evli ve \u00fc\u00e7 k\u0131z \u00e7ocuk babas\u0131.<\/p>\n<hr>\n<p>&nbsp;<\/p>\n<p><strong>Mehmet Salg\u0131 &#8211; 74 YBO M\u00fcd\u00fcrl\u00fc\u011f\u00fc &#8211; Burdur<\/strong><\/p>\n<p>1970 y\u0131l\u0131nda Burdur\u2019da do\u011fdu Anadolu \u00dcniversitesi A\u00e7\u0131k \u00d6\u011fretim Fak\u00fcltesi Halkla \u0130li\u015fkiler B\u00f6l\u00fcm\u00fc\u2019n\u00fc bitirdi. 1999 y\u0131l\u0131nda TCDD\u2019de koruma ve g\u00fcvenlik g\u00f6revlisi olarak \u00e7al\u0131\u015fmaya ba\u015flad\u0131. 2000 y\u0131l\u0131nda g\u00f6revde y\u00fckselme s\u0131nav\u0131 sonras\u0131 yol s\u00fcrveyan\u0131 olarak atand\u0131. 72 Yol Bak\u0131m Onar\u0131m M\u00fcd\u00fcrl\u00fc\u011f\u00fc\u2019nde g\u00f6rev yapt\u0131. Halen Burdur 743 Yol Bak\u0131m Onar\u0131m \u015eefli\u011fi\u2019nde g\u00f6rev yap\u0131yor. Evli ve bir erkek \u00e7ocuk babas\u0131.<\/p>\n<hr>\n<p>&nbsp;<\/p>\n<p><strong>Sezgin Sevin\u00e7 &#8211;&nbsp;75 YBO M\u00fcd\u00fcrl\u00fc\u011f\u00fc &#8211; Bal\u0131kesir<\/strong><\/p>\n<p><a class=\"shutterset_\" title=\" \" href=\"http:\/\/www.yolder.org.tr\/wp-content\/gallery\/temsilciler\/Sezgin-Sevinc.jpg\" data-src=\"http:\/\/www.yolder.org.tr\/wp-content\/gallery\/temsilciler\/Sezgin-Sevinc.jpg\" data-description=\" \" data-title=\"Sezgin-Sevinc\" data-thumbnail=\"http:\/\/www.yolder.org.tr\/wp-content\/gallery\/temsilciler\/thumbs\/thumbs_Sezgin-Sevinc.jpg\" data-image-id=\"316\" data-ob=\"lightbox[2094]\"><img decoding=\"async\" class=\"ngg-singlepic ngg-left alignleft\" src=\"http:\/\/www.yolder.org.tr\/wp-content\/gallery\/temsilciler\/thumbs\/thumbs_Sezgin-Sevinc.jpg\" alt=\"Sezgin-Sevinc\"><\/a>1977 y\u0131l\u0131nda Bak\u0131rk\u00f6y\/Karacabey\/Bursa!da do\u011fdu. \u0130lk \u00f6\u011frenimimi do\u011fdu\u011fu k\u00f6yde, ortaokulu Bursa Cumhuriyet Lisesi\u2019nde yat\u0131l\u0131 olarak tamamlad\u0131. 1994 y\u0131l\u0131nda TCDD Meslek Lisesi Yol B\u00f6l\u00fcm\u00fc\u2019nden mezun oldu. 1994 y\u0131l\u0131nda Zonguldak \u015eube 24 \u015eefli\u011fi\u2019nde yol s\u00fcrveyan\u0131 olarak g\u00f6reve ba\u015flad\u0131. 1998 y\u0131l\u0131nda halen g\u00f6rev yapt\u0131\u011f\u0131 Bal\u0131kesir 75 YBO M\u00fcd\u00fcrl\u00fc\u011f\u00fc\u2019ne nakil oldu. 2000 y\u0131l\u0131nda Bal\u0131kesir \u00dcniversitesi Bal\u0131kesir Meslek Y\u00fcksekokulu Makine B\u00f6l\u00fcm\u00fc\u2019n\u00fc, 2004 y\u0131l\u0131nda Anadolu \u00dcniversitesi \u0130\u015fletme Fak\u00fcltesi\u2019ni bitirdi. Halen Bal\u0131kesir \u00dcniversitesi Jeoloji M\u00fchendisli\u011fi B\u00f6l\u00fcm\u00fc\u2019nde \u00f6\u011frenimini s\u00fcrd\u00fcr\u00fcyor. 75 YBO M\u00fcd\u00fcrl\u00fc\u011f\u00fc\u2019nde yol s\u00fcrveyan\u0131 olarak g\u00f6rev yapryo. Evli ve \u00fc\u00e7 erkek \u00e7ocuk babas\u0131.<\/p>\n<hr>\n<p>&nbsp;<\/p>\n<p>Yunus Emre \u00d6nc\u00fc<br \/>\n7.B\u00f6lge Yol M\u00fcd\u00fcrl\u00fc\u011f\u00fc &#8211; Afyonkarahisar<\/p>\n<hr>\n<p>&nbsp;<\/p>\n<p><strong>Fatih Ergen\u00e7i\u00e7e\u011fi &#8211; Mekanik Atelye M\u00fcd\u00fcrl\u00fc\u011f\u00fc<\/strong><\/p>\n<p>1989 y\u0131l\u0131nda Isparta\u2019da do\u011fdu. 2003 y\u0131l\u0131nda Isparta M\u00fcr\u015fide Ermumcu Anadolu \u00d6\u011fretmen Lisesi\u2019nden mezun oldu. Lisans e\u011fitimine 2007 y\u0131l\u0131nda Kocaeli \u00dcniversitesi Makine M\u00fchendisli\u011fi B\u00f6l\u00fcm\u00fc\u2019nde ba\u015flad\u0131. 2011 y\u0131l\u0131nda S\u00fcleyman Demirel \u00dcniversitesi Makine M\u00fchendisli\u011fi B\u00f6l\u00fcm\u00fc\u2019nden mezun oldu. Asans\u00f6r, mekanik tesisat, do\u011falgaz alanlar\u0131nda \u00e7al\u0131\u015ft\u0131. 2014 y\u0131l\u0131nda Afyonkarahisar\u2019da TCDD 7\/1 Yol Mekanik At\u00f6lye M\u00fcd\u00fcrl\u00fc\u011f\u00fc\u2019nde makine m\u00fchendisli\u011fi g\u00f6revine ba\u015flad\u0131. Halen g\u00f6revini s\u00fcrd\u00fcr\u00fcyor.<\/p>\n<hr>\n<p>&nbsp;<\/p>\n<p><strong>YHT B\u00f6lge M\u00fcd\u00fcrl\u00fc\u011f\u00fc \u0130\u015fyeri Temsilcileri<\/strong><\/p>\n<p><strong>Cihan \u015eafaky\u0131ld\u0131z\u0131 &#8211;&nbsp;YHT 11 YBO M\u00fcd\u00fcrl\u00fc\u011f\u00fc &#8211; Ankara<\/strong><\/p>\n<p>ngg_shortcode_0_placeholder1981 y\u0131l\u0131nda Yunak\u2019da do\u011fdu. \u0130lk ve orta \u00f6\u011frenimini Ankara\u2019da tamamlad\u0131. Ankara Bat\u0131kent Lisesi\u2019nden mezun oldu. 2005 y\u0131l\u0131nda Elaz\u0131\u011f \u00dcniversitesi M\u00fchendislik Fak\u00fcltesi \u0130n\u015faat M\u00fchendisli\u011fi B\u00f6l\u00fcm\u00fc\u2019n\u00fc bitirdi. 2005 ile 2011 y\u0131llar\u0131 aras\u0131nda \u00f6zel sekt\u00f6rde \u00e7al\u0131\u015ft\u0131. 2011 y\u0131l\u0131ndan itibaren YHT 11 Yol Bak\u0131m Onar\u0131m M\u00fcd\u00fcrl\u00fc\u011f\u00fcnde \u0130n\u015faat M\u00fchendisi olarak \u00e7al\u0131\u015fmaya ba\u015flad\u0131. Evli ve bir \u00e7ocuk babas\u0131.<\/p>\n<hr>\n<p>&nbsp;<\/p>\n<p><strong>Engin \u00d6zdemir &#8211;&nbsp;YHT 12 YBO M\u00fcd\u00fcrl\u00fc\u011f\u00fc &#8211; Eski\u015fehir Temsilcisi<\/strong><\/p>\n<p><a class=\"shutterset_\" title=\" \" href=\"http:\/\/www.yolder.org.tr\/wp-content\/gallery\/temsilciler\/Engin-Ozdemir.jpg\" data-src=\"http:\/\/www.yolder.org.tr\/wp-content\/gallery\/temsilciler\/Engin-Ozdemir.jpg\" data-description=\" \" data-title=\"Engin-Ozdemir\" data-thumbnail=\"http:\/\/www.yolder.org.tr\/wp-content\/gallery\/temsilciler\/thumbs\/thumbs_Engin-Ozdemir.jpg\" data-image-id=\"304\" data-ob=\"lightbox[2094]\"><img decoding=\"async\" class=\"ngg-singlepic ngg-left alignleft\" src=\"http:\/\/www.yolder.org.tr\/wp-content\/gallery\/temsilciler\/thumbs\/thumbs_Engin-Ozdemir.jpg\" alt=\"Engin-Ozdemir\"><\/a>8 Ekim 1986 y\u0131l\u0131nda Eski\u015fehir\u2019de do\u011fdu. \u0130lk ve orta \u00f6\u011frenimini Eski\u015fehir\u2019de tamamlad\u0131. 2008 y\u0131l\u0131nda Anadolu \u00dcniversitesi Rayl\u0131 Sistemler \u0130\u015fletmecili\u011fi B\u00f6l\u00fcm\u00fc\u2019nden mezun oldu. A\u00e7\u0131k \u00d6\u011fretim Fak\u00fcltesi \u0130\u015fletme B\u00f6l\u00fcm\u00fc son s\u0131n\u0131fta e\u011fitimini s\u00fcrd\u00fcr\u00fcyor. TCDD\u2019de 2010 y\u0131l\u0131 Ocak ay\u0131nda yol bek\u00e7isi olarak g\u00f6reve ba\u015flad\u0131. Aral\u0131k-2014\u2019den bu yana YHT 12 Yol Bak\u0131m ve Onar\u0131m M\u00fcd\u00fcrl\u00fc\u011f\u00fc\u2019nde yol s\u00fcrveyan\u0131 olarak g\u00f6rev yap\u0131yor. Evli ve bir k\u0131z \u00e7ocu\u011fu babas\u0131.<\/p>\n<hr>\n<p><strong>Ahmet Deniz &#8211; YHT 13 YBO M\u00fcd\u00fcrl\u00fc\u011f\u00fc &#8211; Konya<\/strong><\/p>\n<p>1968 y\u0131l\u0131nda Antalya Serik\u2019te do\u011fdu. \u0130lk\u00f6\u011fretimini Antalya da, Orta \u00f6\u011fretimini Ayd\u0131n\u2019da tamamlad\u0131. 1985 y\u0131l\u0131nda TCDD Meslek Lisesi\u2019nden mezun oldu. Anadolu \u00dcniversitesi A\u00e7\u0131k \u00d6\u011fretim Fak\u00fcltesi \u0130ktisat B\u00f6l\u00fcm\u00fc\u2019n\u00fc bitirdi. S\u0131ras\u0131yla Ankara Yol Dairesi Ba\u015fkanl\u0131\u011f\u0131\u2019nda teknisyen (1985-1987), Ayd\u0131n \u015eube 32 \u015eefli\u011fi\u2019nde yol s\u00fcrveyan\u0131 (1987-1994) olarak g\u00f6rev yapt\u0131. Akhisar K\u0131s\u0131m 362 \u015eefi (1996-2007), Isparta \u015eube 74 \u015eefli\u011fi\u2019nde teknisyenlik (2007-2011) g\u00f6revlerinde bulundu 2011 y\u0131l\u0131nda YHT 133 Yol Bak\u0131m Onar\u0131m \u015eefi olarak atand\u0131. Halen bu g\u00f6reve devam ediyor. Evli ve bir k\u0131z babas\u0131.<\/p>\n<hr>\n<p>&nbsp;<\/p>\n<p><strong>Kenan K\u00f6se &#8211;&nbsp;YHT 14 YBO M\u00fcd\u00fcrl\u00fc\u011f\u00fc &#8211; Bilecik<\/strong><\/p>\n<p><a class=\"shutterset_\" title=\" \" href=\"http:\/\/www.yolder.org.tr\/wp-content\/gallery\/temsilciler\/Kenan-Kose.jpg\" data-src=\"http:\/\/www.yolder.org.tr\/wp-content\/gallery\/temsilciler\/Kenan-Kose.jpg\" data-description=\" \" data-title=\"Kenan-Kose\" data-thumbnail=\"http:\/\/www.yolder.org.tr\/wp-content\/gallery\/temsilciler\/thumbs\/thumbs_Kenan-Kose.jpg\" data-image-id=\"310\" data-ob=\"lightbox[2094]\"><img decoding=\"async\" class=\"ngg-singlepic ngg-left alignleft\" src=\"http:\/\/www.yolder.org.tr\/wp-content\/gallery\/temsilciler\/thumbs\/thumbs_Kenan-Kose.jpg\" alt=\"Kenan-Kose\"><\/a>1977 y\u0131l\u0131nda Afyonkarahisar\/Emirda\u011f\u2019da do\u011fdu. \u0130lk ve orta \u00f6\u011frenimimi Eski\u015fehir\u2019de tamamlad\u0131. 1994 y\u0131l\u0131nda TCDD Meslek Lisesi Yol B\u00f6l\u00fcm\u00fc\u2019nden mezun oldu. Anadolu \u00dcniversitesi \u0130\u015fletme Fak\u00fcltesi\u2019ni bitirdi. S\u0131ras\u0131yla Diyarbak\u0131r \u015eube 51 \u015eefli\u011fi\u2019nde \u00fc\u00e7 y\u0131l yol s\u00fcrveyanl\u0131\u011f\u0131 yapt\u0131. 1997 -1999 y\u0131llar\u0131 aras\u0131nda Elaz\u0131\u011f\/K\u00fcrk \u0130stasyonu\u2019nda K\u0131s\u0131m 543 \u015eefli\u011fi, 1999-2001 y\u0131llar\u0131 aras\u0131nda Malatya\/Hekimhan\u2019da K\u0131s\u0131m 533 \u015eefli\u011fi, 2001-2014 y\u0131llar\u0131 aras\u0131nda Bilecik \u015eube 12 \u015eefli\u011finde 13 y\u0131l yol s\u00fcrveyanl\u0131\u011f\u0131 yapt\u0131. 2014 y\u0131l\u0131nda Bilecik YHT 142 Yol Bak\u0131m Onar\u0131m \u015eefi olarak g\u00f6rev yapmaya ba\u015flad\u0131. Halen bu g\u00f6revi s\u00fcrd\u00fcr\u00fcyor. Evli ve iki erkek \u00e7ocuk babas\u0131.<\/p>\n<table style=\"height: 1062px;\" border=\"0\" width=\"841\">\n<tbody>\n<tr>\n<td>&nbsp;<\/td>\n<td>&nbsp;<\/td>\n<\/tr>\n<tr>\n<td>&nbsp;<\/td>\n<td>&nbsp;<\/td>\n<\/tr>\n<tr>\n<td>&nbsp;<\/td>\n<td>&nbsp;<\/td>\n<\/tr>\n<tr>\n<td>&nbsp;<\/td>\n<td>&nbsp;<\/td>\n<\/tr>\n<tr>\n<td>&nbsp;<\/td>\n<td>&nbsp;<\/td>\n<\/tr>\n<tr>\n<td>&nbsp;<\/td>\n<td>&nbsp;<\/td>\n<\/tr>\n<tr>\n<td>&nbsp;<\/td>\n<td>&nbsp;<\/td>\n<\/tr>\n<tr>\n<td>&nbsp;<\/td>\n<td>&nbsp;<\/td>\n<\/tr>\n<tr>\n<td>&nbsp;<\/td>\n<td>&nbsp;<\/td>\n<\/tr>\n<tr>\n<td>&nbsp;<\/td>\n<td>&nbsp;<\/td>\n<\/tr>\n<tr>\n<td>&nbsp;<\/td>\n<td>&nbsp;<\/td>\n<\/tr>\n<tr>\n<td>&nbsp;<\/td>\n<td>&nbsp;<\/td>\n<\/tr>\n<tr>\n<td>&nbsp;<\/td>\n<td>&nbsp;<\/td>\n<\/tr>\n<tr>\n<td>&nbsp;<\/td>\n<td>&nbsp;<\/td>\n<\/tr>\n<tr>\n<td>&nbsp;<\/td>\n<td>&nbsp;<\/td>\n<\/tr>\n<tr>\n<td>&nbsp;<\/td>\n<td>&nbsp;<\/td>\n<\/tr>\n<tr>\n<td>&nbsp;<\/td>\n<td>&nbsp;<\/td>\n<\/tr>\n<tr>\n<td>&nbsp;<\/td>\n<td>&nbsp;<\/td>\n<\/tr>\n<tr>\n<td>&nbsp;<\/td>\n<td>&nbsp;<\/td>\n<\/tr>\n<tr>\n<td>&nbsp;<\/td>\n<td>&nbsp;<\/td>\n<\/tr>\n<tr>\n<td>&nbsp;<\/td>\n<td>&nbsp;<\/td>\n<\/tr>\n<tr>\n<td>&nbsp;<\/td>\n<td>&nbsp;<\/td>\n<\/tr>\n<tr>\n<td>&nbsp;<\/td>\n<td>&nbsp;<\/td>\n<\/tr>\n<tr>\n<td>&nbsp;<\/td>\n<td>&nbsp;<\/td>\n<\/tr>\n<tr>\n<td>&nbsp;<\/td>\n<td>&nbsp;<\/td>\n<\/tr>\n<tr>\n<td>&nbsp;<\/td>\n<td>&nbsp;<\/td>\n<\/tr>\n<tr>\n<td>&nbsp;<\/td>\n<td>&nbsp;<\/td>\n<\/tr>\n<tr>\n<td>&nbsp;<\/td>\n<td>&nbsp;<\/td>\n<\/tr>\n<tr>\n<td>&nbsp;<\/td>\n<td>&nbsp;<\/td>\n<\/tr>\n<tr>\n<td>&nbsp;<\/td>\n<td>&nbsp;<\/td>\n<\/tr>\n<tr>\n<td>&nbsp;<\/td>\n<td>&nbsp;<\/td>\n<\/tr>\n<tr>\n<td>&nbsp;<\/td>\n<td>&nbsp;<\/td>\n<\/tr>\n<tr>\n<td>&nbsp;<\/td>\n<td>&nbsp;<\/td>\n<\/tr>\n<tr>\n<td>&nbsp;<\/td>\n<td>&nbsp;<\/td>\n<\/tr>\n<tr>\n<td>&nbsp;<\/td>\n<td>&nbsp;<\/td>\n<\/tr>\n<tr>\n<td>&nbsp;<\/td>\n<td>&nbsp;<\/td>\n<\/tr>\n<\/tbody>\n<\/table>\n","protected":false},"excerpt":{"rendered":"<p>YOLDER \u0130\u015fyeri Temsilcileri 1. B\u00f6lge M\u00fcd\u00fcrl\u00fc\u011f\u00fc \u0130\u015fyeri Temsilcileri Tevfik Baran \u00d6NDER &#8211; 1\/I Demiryolu Bak\u0131m Servis M\u00fcd\u00fcrl\u00fc\u011f\u00fc &#8211; Haydarpa\u015fa 1987 y\u0131l\u0131nda Ankara&#8217;da do\u011fdu. 2010 y\u0131l\u0131nda Eski\u015fehir Osmangazi \u00dcniversitesi \u0130n\u015faat M\u00fchendisli\u011fi b\u00f6l\u00fcm\u00fcnden mezun oldu. 2 y\u0131l \u00f6zel sekt\u00f6rde \u00e7al\u0131\u015ft\u0131ktan sonra 2012 y\u0131l\u0131nda 5.B\u00f6lge M\u00fcd\u00fcrl\u00fc\u011f\u00fc Yol Servis M\u00fcd\u00fcrl\u00fc\u011f\u00fcnde g\u00f6reve ba\u015flad\u0131. 2014 y\u0131l\u0131nda 1.B\u00f6lge M\u00fcd\u00fcrl\u00fc\u011f\u00fc Yol Servis M\u00fcd\u00fcrl\u00fc\u011f\u00fcne [&hellip;]<\/p>\n","protected":false},"author":102,"featured_media":0,"parent":8,"menu_order":5,"comment_status":"closed","ping_status":"closed","template":"","meta":{"_bbp_topic_count":0,"_bbp_reply_count":0,"_bbp_total_topic_count":0,"_bbp_total_reply_count":0,"_bbp_voice_count":0,"_bbp_anonymous_reply_count":0,"_bbp_topic_count_hidden":0,"_bbp_reply_count_hidden":0,"_bbp_forum_subforum_count":0,"ngg_post_thumbnail":0,"footnotes":""},"class_list":["post-2094","page","type-page","status-publish","hentry","eq-blocks"],"_links":{"self":[{"href":"https:\/\/www.yolder.org.tr\/index.php?rest_route=\/wp\/v2\/pages\/2094","targetHints":{"allow":["GET"]}}],"collection":[{"href":"https:\/\/www.yolder.org.tr\/index.php?rest_route=\/wp\/v2\/pages"}],"about":[{"href":"https:\/\/www.yolder.org.tr\/index.php?rest_route=\/wp\/v2\/types\/page"}],"author":[{"embeddable":true,"href":"https:\/\/www.yolder.org.tr\/index.php?rest_route=\/wp\/v2\/users\/102"}],"replies":[{"embeddable":true,"href":"https:\/\/www.yolder.org.tr\/index.php?rest_route=%2Fwp%2Fv2%2Fcomments&post=2094"}],"version-history":[{"count":64,"href":"https:\/\/www.yolder.org.tr\/index.php?rest_route=\/wp\/v2\/pages\/2094\/revisions"}],"predecessor-version":[{"id":3687,"href":"https:\/\/www.yolder.org.tr\/index.php?rest_route=\/wp\/v2\/pages\/2094\/revisions\/3687"}],"up":[{"embeddable":true,"href":"https:\/\/www.yolder.org.tr\/index.php?rest_route=\/wp\/v2\/pages\/8"}],"wp:attachment":[{"href":"https:\/\/www.yolder.org.tr\/index.php?rest_route=%2Fwp%2Fv2%2Fmedia&parent=2094"}],"curies":[{"name":"wp","href":"https:\/\/api.w.org\/{rel}","templated":true}]}}